{"id":7792,"date":"2023-01-13T10:32:46","date_gmt":"2023-01-13T10:32:46","guid":{"rendered":"https:\/\/laboratoriobiomimetico.com\/?post_type=actividades&#038;p=7792"},"modified":"2023-08-16T10:42:27","modified_gmt":"2023-08-16T10:42:27","slug":"sesion-creativa-guggenheim-bilbao","status":"publish","type":"actividades","link":"https:\/\/laboratoriobiomimetico.com\/en\/actividades\/sesion-creativa-guggenheim-bilbao\/","title":{"rendered":"Creative Session \u2013 Guggenheim Bilbao"},"content":{"rendered":"<div id=\"fws_69ef374950d27\"  data-column-margin=\"default\" data-midnight=\"dark\"  class=\"wpb_row vc_row-fluid vc_row\"  style=\"padding-top: 0px; padding-bottom: 0px; \"><div class=\"row-bg-wrap\" data-bg-animation=\"none\" data-bg-overlay=\"false\"><div class=\"inner-wrap\"><div class=\"row-bg\"  style=\"\"><\/div><\/div><\/div><div class=\"row_col_wrap_12 col span_12 dark center\">\n\t<div  class=\"vc_col-sm-12 wpb_column column_container vc_column_container col no-extra-padding inherit_tablet inherit_phone\"  data-padding-pos=\"all\" data-has-bg-color=\"false\" data-bg-color=\"\" data-bg-opacity=\"1\" data-animation=\"\" data-delay=\"0\" >\n\t\t<div class=\"vc_column-inner\" >\n\t\t\t<div class=\"wpb_wrapper\">\n\t\t\t\t<div class=\"img-with-aniamtion-wrap center\" data-max-width=\"100%\" data-max-width-mobile=\"default\" data-shadow=\"none\" data-animation=\"fade-in\" >\r\n      <div class=\"inner\">\r\n        <div class=\"hover-wrap\"> \r\n          <div class=\"hover-wrap-inner\">\r\n            <img class=\"img-with-animation skip-lazy\" data-delay=\"0\" height=\"588\" width=\"1200\" data-animation=\"fade-in\" src=\"https:\/\/laboratoriobiomimetico.com\/wp-content\/uploads\/2021\/06\/Biomateriales_vertido.png\" alt=\"\" srcset=\"https:\/\/laboratoriobiomimetico.com\/wp-content\/uploads\/2021\/06\/Biomateriales_vertido.png 1200w, https:\/\/laboratoriobiomimetico.com\/wp-content\/uploads\/2021\/06\/Biomateriales_vertido-300x147.png 300w, https:\/\/laboratoriobiomimetico.com\/wp-content\/uploads\/2021\/06\/Biomateriales_vertido-1024x502.png 1024w, https:\/\/laboratoriobiomimetico.com\/wp-content\/uploads\/2021\/06\/Biomateriales_vertido-768x376.png 768w\" sizes=\"(min-width: 1450px) 75vw, (min-width: 1000px) 85vw, 100vw\" \/>\r\n          <\/div>\r\n        <\/div>\r\n      <\/div>\r\n    <\/div>\n\t\t\t<\/div> \n\t\t<\/div>\n\t<\/div> \n<\/div><\/div>\r\n\t\t<div id=\"fws_69ef37495202d\"  data-column-margin=\"90px\" data-midnight=\"dark\" data-top-percent=\"5%\" data-bottom-percent=\"5%\"  class=\"wpb_row vc_row-fluid vc_row full-width-section\"  style=\"padding-top: calc(100vw * 0.05); padding-bottom: calc(100vw * 0.05); \"><div class=\"row-bg-wrap\" data-bg-animation=\"none\" data-bg-overlay=\"false\"><div class=\"inner-wrap\"><div class=\"row-bg\"  style=\"\"><\/div><\/div><\/div><div class=\"row_col_wrap_12 col span_12 dark left\">\n\t<div style=\" color: #73825e;\" class=\"vc_col-sm-6 wpb_column column_container vc_column_container col has-animation padding-1-percent inherit_tablet inherit_phone\"  data-t-w-inherits=\"small_desktop\" data-padding-pos=\"top\" data-has-bg-color=\"false\" data-bg-color=\"\" data-bg-opacity=\"1\" data-animation=\"fade-in-from-bottom\" data-delay=\"100\" >\n\t\t<div class=\"vc_column-inner\" >\n\t\t\t<div class=\"wpb_wrapper\">\n\t\t\t\t<div id=\"fws_69ef37495287e\" data-midnight=\"\" data-column-margin=\"none\" class=\"wpb_row vc_row-fluid vc_row inner_row\"  style=\"padding-bottom: 20px; \"><div class=\"row-bg-wrap\"> <div class=\"row-bg\" ><\/div> <\/div><div class=\"row_col_wrap_12_inner col span_12  left\">\n\t<div  class=\"vc_col-sm-12 wpb_column column_container vc_column_container col child_column no-extra-padding inherit_tablet inherit_phone\"   data-padding-pos=\"all\" data-has-bg-color=\"false\" data-bg-color=\"\" data-bg-opacity=\"1\" data-animation=\"\" data-delay=\"0\">\n\t\t<div class=\"vc_column-inner\" >\n\t\t<div class=\"wpb_wrapper\">\n\t\t\t\r\n<div class=\"wpb_text_column wpb_content_element  vc_custom_1630839702490\" >\r\n\t<div class=\"wpb_wrapper\">\r\n\t\t<h3>Summary<\/h3>\n\t<\/div>\r\n<\/div>\r\n\r\n\r\n\r\n<div class=\"nectar-fancy-ul\" data-list-icon=\"dot\" data-animation=\"false\" data-animation-delay=\"0\" data-spacing=\"default\" data-alignment=\"left\"> \n<ul>\n<li>19 de enero, 12:00h o 17:30h.<\/li>\n<li>Guggenheim Bilbao, Espacio de Educaci\u00f3n.<\/li>\n<li>No se precisan conocimientos previos. Plazas limitadas y uso responsable de mascarilla.<\/li>\n<\/ul>\n <\/div>\r\n<div class=\"wpb_text_column wpb_content_element  vc_custom_1630840165678\" >\r\n\t<div class=\"wpb_wrapper\">\r\n\t\t<h3>Price<\/h3>\n\t<\/div>\r\n<\/div>\r\n\r\n\r\n\r\n<div class=\"nectar-fancy-ul\" data-list-icon=\"dot\" data-animation=\"false\" data-animation-delay=\"0\" data-spacing=\"default\" data-alignment=\"left\"> \n<ul>\n<li>10 \u20ac Amigos, 12 \u20ac p\u00fablico general.<\/li>\n<\/ul>\n<p>Plazas limitadas. <\/div>\n\t\t<\/div> \n\t<\/div>\n\t<\/div> \n<\/div><\/div><div id=\"fws_69ef374953364\" data-midnight=\"\" data-column-margin=\"default\" class=\"wpb_row vc_row-fluid vc_row inner_row\"  style=\"\"><div class=\"row-bg-wrap\"> <div class=\"row-bg\" ><\/div> <\/div><div class=\"row_col_wrap_12_inner col span_12  left\">\n\t<div  class=\"vc_col-sm-12 wpb_column column_container vc_column_container col child_column no-extra-padding inherit_tablet inherit_phone\"   data-padding-pos=\"all\" data-has-bg-color=\"false\" data-bg-color=\"\" data-bg-opacity=\"1\" data-animation=\"\" data-delay=\"0\">\n\t\t<div class=\"vc_column-inner\" >\n\t\t<div class=\"wpb_wrapper\">\n\t\t\t<div class=\"nectar-cta  alignment_tablet_default alignment_phone_default\" data-color=\"default\" data-using-bg=\"false\" data-style=\"arrow-animation\" data-display=\"block\" data-alignment=\"left\" data-text-color=\"custom\" ><h6 style=\"color: #73825e;\"><span class=\"link_wrap\" ><a  class=\"link_text\" href=\"https:\/\/www.guggenheim-bilbao.eus\/actividades\/sesion-creativa-18-taller-como-fabrica-la-naturaleza-y-la-creacion-de-nuevos-biomateriales\"><span class=\"text\">Reserva tu plaza en la web del Guggenheim<\/span><svg class=\"next-arrow\" aria-hidden=\"true\" width=\"20px\" height=\"25px\" viewbox=\"0 0 50 80\" xml:space=\"preserve\">\r\n  <polyline stroke=\"#ffffff\" stroke-width=\"9\" fill=\"none\" stroke-linecap=\"round\" stroke-linejoin=\"round\" points=\"0, 0 45, 40 0, 80\"\/>\r\n  <\/svg>  <span class=\"line\"  style=\"background-color: #73825e;\"><\/span> <\/a><\/span><\/h6><\/div>\n\t\t<\/div> \n\t<\/div>\n\t<\/div> \n<\/div><\/div>\n\t\t\t<\/div> \n\t\t<\/div>\n\t<\/div> \n\n\t<div  class=\"vc_col-sm-6 wpb_column column_container vc_column_container col has-animation padding-1-percent inherit_tablet inherit_phone\"  data-t-w-inherits=\"small_desktop\" data-padding-pos=\"top\" data-has-bg-color=\"false\" data-bg-color=\"\" data-bg-opacity=\"1\" data-animation=\"fade-in-from-bottom\" data-delay=\"0\" >\n\t\t<div class=\"vc_column-inner\" >\n\t\t\t<div class=\"wpb_wrapper\">\n\t\t\t\t\r\n<div class=\"wpb_text_column wpb_content_element\" >\r\n\t<div class=\"wpb_wrapper\">\r\n\t\t<h3>Sesi\u00f3n creativa. Taller c\u00f3mo fabrica la naturaleza y la creaci\u00f3n de nuevos biomateriales.<\/h3>\n\t<\/div>\r\n<\/div>\r\n\r\n\r\n\r\n<div class=\"divider-wrap\" data-alignment=\"default\"><div style=\"margin-top: 30px; height: 1px; margin-bottom: 30px;\" data-width=\"100%\" data-animate=\"yes\" data-animation-delay=\"\" data-color=\"default\" class=\"divider-border\"><\/div><\/div>\r\n<div class=\"wpb_text_column wpb_content_element\" >\r\n\t<div class=\"wpb_wrapper\">\r\n\t\t<div id=\"_mcePaste\">\n<p>A partir de las obras que se exponen en la sala 105 en el marco de la exposici\u00f3n\u00a0<em>Secciones\/Intersecciones<\/em>, y considerando las ideas actuales existentes en torno a la materia y los objetos, nos plantearemos nuevas formas de relacionarnos con estos elementos. Los procesos, la temporalidad, la descomposici\u00f3n, la circulaci\u00f3n o la circularidad ser\u00e1n conceptos clave en este taller de iniciaci\u00f3n sobre biomateriales. Se trata de un trabajo de formaci\u00f3n y desarrollo de proyectos e innovaci\u00f3n inspirado por la naturaleza.<\/p>\n<\/div>\n\t<\/div>\r\n<\/div>\r\n\r\n\r\n\r\n\n\t\t\t<\/div> \n\t\t<\/div>\n\t<\/div> \n<\/div><\/div>\r\n\t\t<div id=\"fws_69ef374954867\"  data-column-margin=\"default\" data-midnight=\"dark\" data-bottom-percent=\"2%\"  class=\"wpb_row vc_row-fluid vc_row full-width-section\"  style=\"padding-top: 0px; padding-bottom: calc(100vw * 0.02); \"><div class=\"row-bg-wrap\" data-bg-animation=\"none\" data-bg-overlay=\"false\"><div class=\"inner-wrap\"><div class=\"row-bg\"  style=\"\"><\/div><\/div><\/div><div class=\"row_col_wrap_12 col span_12 dark left\">\n\t<div  class=\"vc_col-sm-12 wpb_column column_container vc_column_container col no-extra-padding inherit_tablet inherit_phone\"  data-padding-pos=\"all\" data-has-bg-color=\"false\" data-bg-color=\"\" data-bg-opacity=\"1\" data-animation=\"\" data-delay=\"0\" >\n\t\t<div class=\"vc_column-inner\" >\n\t\t\t<div class=\"wpb_wrapper\">\n\t\t\t\t<div id=\"fws_69ef374955105\" data-midnight=\"\" data-column-margin=\"90px\" class=\"wpb_row vc_row-fluid vc_row inner_row\"  style=\"padding-top: 3%; \"><div class=\"row-bg-wrap\"> <div class=\"row-bg\" ><\/div> <\/div><div class=\"row_col_wrap_12_inner col span_12  left\">\n\t<div  class=\"vc_col-sm-4 wpb_column column_container vc_column_container col child_column no-extra-padding inherit_tablet inherit_phone\"   data-padding-pos=\"all\" data-has-bg-color=\"false\" data-bg-color=\"\" data-bg-opacity=\"1\" data-animation=\"\" data-delay=\"0\">\n\t\t<div class=\"vc_column-inner\" >\n\t\t<div class=\"wpb_wrapper\">\n\t\t\t<div class=\"img-with-aniamtion-wrap\" data-max-width=\"100%\" data-max-width-mobile=\"default\" data-shadow=\"none\" data-animation=\"fade-in\" >\r\n      <div class=\"inner\">\r\n        <div class=\"hover-wrap\"> \r\n          <div class=\"hover-wrap-inner\">\r\n            <img class=\"img-with-animation skip-lazy\" data-delay=\"0\" height=\"816\" width=\"1024\" data-animation=\"fade-in\" src=\"https:\/\/laboratoriobiomimetico.com\/wp-content\/uploads\/2023\/01\/2003-Grandes-escultores-del-s-XX-Long-1024x816-1.jpg\" alt=\"\" srcset=\"https:\/\/laboratoriobiomimetico.com\/wp-content\/uploads\/2023\/01\/2003-Grandes-escultores-del-s-XX-Long-1024x816-1.jpg 1024w, https:\/\/laboratoriobiomimetico.com\/wp-content\/uploads\/2023\/01\/2003-Grandes-escultores-del-s-XX-Long-1024x816-1-300x239.jpg 300w, https:\/\/laboratoriobiomimetico.com\/wp-content\/uploads\/2023\/01\/2003-Grandes-escultores-del-s-XX-Long-1024x816-1-768x612.jpg 768w\" sizes=\"(min-width: 1450px) 75vw, (min-width: 1000px) 85vw, 100vw\" \/>\r\n          <\/div>\r\n        <\/div>\r\n      <\/div>\r\n    <\/div>\r\n<div class=\"wpb_text_column wpb_content_element  wpb_animate_when_almost_visible wpb_bottom-to-top bottom-to-top vc_custom_1673606447229\" >\r\n\t<div class=\"wpb_wrapper\">\r\n\t\t<p>RICHARD LONG<br \/>\n<em>C\u00edrculo de Bilbao,<\/em> 2000<br \/>\nPizarra de Delabole.<\/p>\n\t<\/div>\r\n<\/div>\r\n\r\n\r\n\r\n\n\t\t<\/div> \n\t<\/div>\n\t<\/div> \n\n\t<div  class=\"vc_col-sm-8 wpb_column column_container vc_column_container col child_column no-extra-padding inherit_tablet inherit_phone\"   data-padding-pos=\"all\" data-has-bg-color=\"false\" data-bg-color=\"\" data-bg-opacity=\"1\" data-animation=\"\" data-delay=\"0\">\n\t\t<div class=\"vc_column-inner\" >\n\t\t<div class=\"wpb_wrapper\">\n\t\t\t\r\n<div class=\"wpb_text_column wpb_content_element\" >\r\n\t<div class=\"wpb_wrapper\">\r\n\t\t<h3 class=\"Text_text___H86R textHeading02 PageHeader_pageHeaderTitle__9RvIE animate-on-scroll Text_fluid__hODlu\">Secciones \/ Intersecciones. 25 a\u00f1os de la Colecci\u00f3n del Museo Guggenheim Bilbao<\/h3>\n<h3 class=\"Text_text___H86R textHeading06 PageHeader_pageHeaderSubtitle__lOH_Q animate-on-scroll Text_fluid__hODlu\">08.09.2022 &#8211; 22.01.2023<\/h3>\n\t<\/div>\r\n<\/div>\r\n\r\n\r\n\r\n<div class=\"divider-wrap\" data-alignment=\"default\"><div style=\"height: 10px;\" class=\"divider\"><\/div><\/div>\r\n<div class=\"wpb_text_column wpb_content_element\" >\r\n\t<div class=\"wpb_wrapper\">\r\n\t\t<p>La exposici\u00f3n toma la forma de un gran tr\u00edptico expositivo, compuesto por tres aproximaciones tem\u00e1ticas que dialogan entre ellas, permitiendo redescubrir las obras que han definido hist\u00f3ricamente tanto el interior como el exterior del Museo. As\u00ed, cada planta del edificio ofrece una presentaci\u00f3n de la Colecci\u00f3n:\u00a0<em>Secciones\/Intersecciones<\/em>.\u00a0<em>La vida material<\/em>, en la galer\u00eda 105;\u00a0<em>Desplegando narrativas<\/em>, en la segunda planta; y\u00a0<em>Marcando la historia<\/em>, en la tercera, constituyen los ejes tem\u00e1ticos de este tr\u00edptico expositivo, que permite tener por primera vez una visi\u00f3n panor\u00e1mica del acervo que el Museo ha ido adquiriendo desde su fundaci\u00f3n hasta nuestros d\u00edas. Asimismo, en el contexto del 25\u00ba Aniversario, la sala 103 alberga una instalaci\u00f3n excepcional de Yayoi Kusama.<\/p>\n\t<\/div>\r\n<\/div>\r\n\r\n\r\n\r\n<div class=\"nectar-cta  alignment_tablet_default alignment_phone_default\" data-color=\"default\" data-using-bg=\"false\" data-style=\"arrow-animation\" data-display=\"block\" data-alignment=\"left\" data-text-color=\"custom\" ><h6 style=\"color: #73825e;\"><span class=\"link_wrap\" ><a  class=\"link_text\" href=\"https:\/\/www.guggenheim-bilbao.eus\/exposiciones\/secciones-intersecciones-25-anos-de-la-coleccion-del-museo-guggenheim-bilbao\"><span class=\"text\">m\u00e1s informaci\u00f3n sobre la exposici\u00f3n aqu\u00ed<\/span><svg class=\"next-arrow\" aria-hidden=\"true\" width=\"20px\" height=\"25px\" viewbox=\"0 0 50 80\" xml:space=\"preserve\">\r\n  <polyline stroke=\"#ffffff\" stroke-width=\"9\" fill=\"none\" stroke-linecap=\"round\" stroke-linejoin=\"round\" points=\"0, 0 45, 40 0, 80\"\/>\r\n  <\/svg>  <span class=\"line\"  style=\"background-color: #73825e;\"><\/span> <\/a><\/span><\/h6><\/div><div class=\"divider-wrap\" data-alignment=\"default\"><div style=\"height: 20px;\" class=\"divider\"><\/div><\/div>\n\t\t<\/div> \n\t<\/div>\n\t<\/div> \n<\/div><\/div><div id=\"fws_69ef374956ae5\" data-midnight=\"\" data-column-margin=\"30px\" class=\"wpb_row vc_row-fluid vc_row inner_row\"  style=\"padding-top: 3%; \"><div class=\"row-bg-wrap\"> <div class=\"row-bg\" ><\/div> <\/div><div class=\"row_col_wrap_12_inner col span_12  left\">\n\t<div  class=\"vc_col-sm-6 wpb_column column_container vc_column_container col child_column no-extra-padding inherit_tablet inherit_phone\"   data-padding-pos=\"all\" data-has-bg-color=\"false\" data-bg-color=\"\" data-bg-opacity=\"1\" data-animation=\"\" data-delay=\"0\">\n\t\t<div class=\"vc_column-inner\" >\n\t\t<div class=\"wpb_wrapper\">\n\t\t\t<div class=\"img-with-aniamtion-wrap\" data-max-width=\"100%\" data-max-width-mobile=\"default\" data-shadow=\"none\" data-animation=\"fade-in\" >\r\n      <div class=\"inner\">\r\n        <div class=\"hover-wrap\"> \r\n          <div class=\"hover-wrap-inner\">\r\n            <img class=\"img-with-animation skip-lazy\" data-delay=\"0\" height=\"1374\" width=\"1920\" data-animation=\"fade-in\" src=\"https:\/\/laboratoriobiomimetico.com\/wp-content\/uploads\/2023\/01\/SalcedoD-Sin-titulo-2008.jpg\" alt=\"\" srcset=\"https:\/\/laboratoriobiomimetico.com\/wp-content\/uploads\/2023\/01\/SalcedoD-Sin-titulo-2008.jpg 1920w, https:\/\/laboratoriobiomimetico.com\/wp-content\/uploads\/2023\/01\/SalcedoD-Sin-titulo-2008-300x215.jpg 300w, https:\/\/laboratoriobiomimetico.com\/wp-content\/uploads\/2023\/01\/SalcedoD-Sin-titulo-2008-1024x733.jpg 1024w, https:\/\/laboratoriobiomimetico.com\/wp-content\/uploads\/2023\/01\/SalcedoD-Sin-titulo-2008-768x550.jpg 768w, https:\/\/laboratoriobiomimetico.com\/wp-content\/uploads\/2023\/01\/SalcedoD-Sin-titulo-2008-1536x1099.jpg 1536w\" sizes=\"(min-width: 1450px) 75vw, (min-width: 1000px) 85vw, 100vw\" \/>\r\n          <\/div>\r\n        <\/div>\r\n      <\/div>\r\n    <\/div>\r\n<div class=\"wpb_text_column wpb_content_element  wpb_animate_when_almost_visible wpb_bottom-to-top bottom-to-top vc_custom_1673606405933\" >\r\n\t<div class=\"wpb_wrapper\">\r\n\t\t<p>DIROS SALCEDO<br \/>\n<em>Sin T\u00edtulo,<\/em> 2008<br \/>\nMadera, metal y cemento.<\/p>\n\t<\/div>\r\n<\/div>\r\n\r\n\r\n\r\n\n\t\t<\/div> \n\t<\/div>\n\t<\/div> \n\n\t<div  class=\"vc_col-sm-6 wpb_column column_container vc_column_container col child_column no-extra-padding inherit_tablet inherit_phone\"   data-padding-pos=\"all\" data-has-bg-color=\"false\" data-bg-color=\"\" data-bg-opacity=\"1\" data-animation=\"\" data-delay=\"0\">\n\t\t<div class=\"vc_column-inner\" >\n\t\t<div class=\"wpb_wrapper\">\n\t\t\t<div class=\"img-with-aniamtion-wrap\" data-max-width=\"100%\" data-max-width-mobile=\"default\" data-shadow=\"none\" data-animation=\"fade-in\" >\r\n      <div class=\"inner\">\r\n        <div class=\"hover-wrap\"> \r\n          <div class=\"hover-wrap-inner\">\r\n            <img class=\"img-with-animation skip-lazy\" data-delay=\"0\" height=\"816\" width=\"1023\" data-animation=\"fade-in\" src=\"https:\/\/laboratoriobiomimetico.com\/wp-content\/uploads\/2023\/01\/Solano-1024x816-1.jpg\" alt=\"\" srcset=\"https:\/\/laboratoriobiomimetico.com\/wp-content\/uploads\/2023\/01\/Solano-1024x816-1.jpg 1023w, https:\/\/laboratoriobiomimetico.com\/wp-content\/uploads\/2023\/01\/Solano-1024x816-1-300x239.jpg 300w, https:\/\/laboratoriobiomimetico.com\/wp-content\/uploads\/2023\/01\/Solano-1024x816-1-768x613.jpg 768w\" sizes=\"(min-width: 1450px) 75vw, (min-width: 1000px) 85vw, 100vw\" \/>\r\n          <\/div>\r\n        <\/div>\r\n      <\/div>\r\n    <\/div>\r\n<div class=\"wpb_text_column wpb_content_element  wpb_animate_when_almost_visible wpb_bottom-to-top bottom-to-top vc_custom_1673606414255\" >\r\n\t<div class=\"wpb_wrapper\">\r\n\t\t<p>SUSANA SOLANO<br \/>\n<em>Jaosokor,<\/em> 1997<br \/>\nHierro, PVC, cordel y fotograf\u00eda.<\/p>\n\t<\/div>\r\n<\/div>\r\n\r\n\r\n\r\n\n\t\t<\/div> \n\t<\/div>\n\t<\/div> \n<\/div><\/div>\n\t\t\t<\/div> \n\t\t<\/div>\n\t<\/div> \n<\/div><\/div>\r\n\t\t<div id=\"fws_69ef374958af0\"  data-column-margin=\"default\" data-midnight=\"dark\" data-top-percent=\"25%\" data-bottom-percent=\"3%\"  class=\"wpb_row vc_row-fluid vc_row full-width-section\"  style=\"padding-top: calc(100vw * 0.25); padding-bottom: calc(100vw * 0.03); \"><div class=\"row-bg-wrap\" data-bg-animation=\"none\" data-bg-overlay=\"false\"><div class=\"inner-wrap\"><div class=\"row-bg using-bg-color\"  style=\"background-color: #f1eae2; \"><\/div><\/div><\/div><div class=\"nectar-shape-divider-wrap no-color\" style=\" height:200px;\"  data-height=\"200\" data-front=\"\" data-style=\"curve\" data-position=\"top\" ><svg class=\"nectar-shape-divider\" aria-hidden=\"true\" fill=\"\" xmlns=\"http:\/\/www.w3.org\/2000\/svg\" viewbox=\"0 0 1000 100\" preserveaspectratio=\"none\"> <path d=\"M 0 0 c 0 0 200 50 500 50 s 500 -50 500 -50 v 101 h -1000 v -100 z\"><\/path> <\/svg><\/div><div class=\"row_col_wrap_12 col span_12 dark left\">\n\t<div  class=\"vc_col-sm-6 wpb_column column_container vc_column_container col no-extra-padding inherit_tablet inherit_phone\"  data-padding-pos=\"all\" data-has-bg-color=\"false\" data-bg-color=\"\" data-bg-opacity=\"1\" data-animation=\"\" data-delay=\"0\" >\n\t\t<div class=\"vc_column-inner\" >\n\t\t\t<div class=\"wpb_wrapper\">\n\t\t\t\t<h2 style=\"color: #73825e;text-align: left\" class=\"vc_custom_heading\" >Newsletter<\/h2><div class=\"divider-wrap\" data-alignment=\"default\"><div style=\"margin-top: 30px; width: 20%px; height: 1px; margin-bottom: 30px;\" data-width=\"20%\" data-animate=\"yes\" data-animation-delay=\"300\" data-color=\"accent-color\" class=\"divider-small-border\"><\/div><\/div>\r\n<div class=\"wpb_text_column wpb_content_element  wpb_animate_when_almost_visible wpb_bottom-to-top bottom-to-top vc_custom_1643711909541\" >\r\n\t<div class=\"wpb_wrapper\">\r\n\t\t<p>We will keep you informed of upcoming workshops, walks and courses.<\/p>\n<p>In addition we will send you by mail the manual of the notebook biomimetic, &#034;How to create your own collection of discoveries from the natural world&#034; with activities, recommendations, etc<\/p>\n\t<\/div>\r\n<\/div>\r\n\r\n\r\n\r\n\n\t\t\t<\/div> \n\t\t<\/div>\n\t<\/div> \n\n\t<div  class=\"vc_col-sm-6 wpb_column column_container vc_column_container col no-extra-padding inherit_tablet inherit_phone\"  data-padding-pos=\"all\" data-has-bg-color=\"false\" data-bg-color=\"\" data-bg-opacity=\"1\" data-animation=\"\" data-delay=\"0\" >\n\t\t<div class=\"vc_column-inner\" >\n\t\t\t<div class=\"wpb_wrapper\">\n\t\t\t\t\n\t<div class=\"wpb_raw_code wpb_content_element wpb_raw_html\" >\n\t\t<div class=\"wpb_wrapper\">\n\t\t\t<script>(function() {\n\twindow.mc4wp = window.mc4wp || {\n\t\tlisteners: [],\n\t\tforms: {\n\t\t\ton: function(evt, cb) {\n\t\t\t\twindow.mc4wp.listeners.push(\n\t\t\t\t\t{\n\t\t\t\t\t\tevent   : evt,\n\t\t\t\t\t\tcallback: cb\n\t\t\t\t\t}\n\t\t\t\t);\n\t\t\t}\n\t\t}\n\t}\n})();\n<\/script><!-- Mailchimp for WordPress v4.12.2 - https:\/\/wordpress.org\/plugins\/mailchimp-for-wp\/ --><form id=\"mc4wp-form-1\" class=\"mc4wp-form mc4wp-form-6290\" method=\"post\" data-id=\"6290\" data-name=\"LB_formularioNewsletter\" action=\"\" ><div class=\"mc4wp-form-fields\"><p>\r\n    <label>Name<\/label>\r\n    <input type=\"text\" name=\"FNAME\" placeholder=\"Your name\"\r\n    required=\"\">\r\n<\/p>\r\n<p>\r\n    <label>Last name<\/label>\r\n    <input type=\"text\" name=\"LNAME\" placeholder=\"Your Last Name\"\r\n    required=\"\">\r\n<\/p>\r\n<p>\r\n    <label>Profesi\u00f3n<\/label>\r\n    <input type=\"text\" name=\"LNAME\" placeholder=\"A qu\u00e9 te dedicas\"\r\n    required=\"\">\r\n<\/p>\r\n    <p>\r\n\t<label>E-mail address: \r\n\t\t<input type=\"email\" name=\"EMAIL\" placeholder=\"Your email address\" required \/>\r\n<\/label>\r\n<\/p>\r\n\r\n<p>\r\n    <label>Mensaje, (m\u00e1ximo 2 frases)  <\/label>\r\n    <input type=\"text\" name=\"MMERGE5\" placeholder=\"Do you want to tell us something?\">\r\n<\/p>\r\n<p>\r\n    <label>\r\n        <input name=\"AGREE_TO_TERMS\" type=\"checkbox\" value=\"1\" required=\"\"> <a href=\"http:\/\/laboratoriobiomimetico.com\/en\/Privacidad\/\" target=\"_blank\">I have read and accept the terms and conditions<\/a>\r\n    <\/label>\r\n<\/p>\r\n\r\n<p>\r\n\t<input type=\"submit\" value=\"Register\" \/>\r\n<\/p><\/div><label style=\"display: none !important;\">Leave this field empty if you're human: <input type=\"text\" name=\"_mc4wp_honeypot\" value=\"\" tabindex=\"-1\" autocomplete=\"off\" \/><\/label><input type=\"hidden\" name=\"_mc4wp_timestamp\" value=\"1777284937\" \/><input type=\"hidden\" name=\"_mc4wp_form_id\" value=\"6290\" \/><input type=\"hidden\" name=\"_mc4wp_form_element_id\" value=\"mc4wp-form-1\" \/><div class=\"mc4wp-response\"><\/div><input type=\"hidden\" name=\"trp-form-language\" value=\"en\"\/><\/form><!-- \/ Mailchimp for WordPress Plugin -->\n\t\t<\/div>\n\t<\/div>\n\n\t\t\t<\/div> \n\t\t<\/div>\n\t<\/div> \n<\/div><\/div>","protected":false},"excerpt":{"rendered":"<p>2023.<br \/>\n19 de enero, 12:00h o 17:30h.<br \/>\nMuseo Guggenheim Bilbao.<\/p>","protected":false},"author":1,"featured_media":7096,"menu_order":0,"comment_status":"open","ping_status":"open","template":"","format":"standard","meta":[],"yoast_head":"<!-- This site is optimized with the Yoast SEO plugin v18.8 - https:\/\/yoast.com\/wordpress\/plugins\/seo\/ -->\n<title>Sesi\u00f3n Creativa - Guggenheim Bilbao - Laboratorio Biomim\u00e9tico<\/title>\n<meta name=\"description\" content=\"Nos plantearemos nuevas formas de relacionarnos con los procesos, la temporalidad, la descomposici\u00f3n o la circularidad ser\u00e1n conceptos clave en este taller de iniciaci\u00f3n sobre biomateriales.\" \/>\n<meta name=\"robots\" content=\"index, follow, max-snippet:-1, max-image-preview:large, max-video-preview:-1\" \/>\n<link rel=\"canonical\" href=\"https:\/\/laboratoriobiomimetico.com\/en\/actividades\/sesion-creativa-guggenheim-bilbao\/\" \/>\n<meta property=\"og:locale\" content=\"en_GB\" \/>\n<meta property=\"og:type\" content=\"article\" \/>\n<meta property=\"og:title\" content=\"Sesi\u00f3n Creativa - Guggenheim Bilbao - Laboratorio Biomim\u00e9tico\" \/>\n<meta property=\"og:description\" content=\"Nos plantearemos nuevas formas de relacionarnos con los procesos, la temporalidad, la descomposici\u00f3n o la circularidad ser\u00e1n conceptos clave en este taller de iniciaci\u00f3n sobre biomateriales.\" \/>\n<meta property=\"og:url\" content=\"https:\/\/laboratoriobiomimetico.com\/en\/actividades\/sesion-creativa-guggenheim-bilbao\/\" \/>\n<meta property=\"og:site_name\" content=\"Laboratorio Biomim\u00e9tico\" \/>\n<meta property=\"article:modified_time\" content=\"2023-08-16T10:42:27+00:00\" \/>\n<meta property=\"og:image\" content=\"https:\/\/laboratoriobiomimetico.com\/wp-content\/uploads\/2021\/06\/Biomateriales_vertido.png\" \/>\n\t<meta property=\"og:image:width\" content=\"1200\" \/>\n\t<meta property=\"og:image:height\" content=\"588\" \/>\n\t<meta property=\"og:image:type\" content=\"image\/png\" \/>\n<meta name=\"twitter:card\" content=\"summary_large_image\" \/>\n<meta name=\"twitter:label1\" content=\"Estimated reading time\" \/>\n\t<meta name=\"twitter:data1\" content=\"4 minutes\" \/>\n<script type=\"application\/ld+json\" class=\"yoast-schema-graph\">{\"@context\":\"https:\/\/schema.org\",\"@graph\":[{\"@type\":\"WebSite\",\"@id\":\"https:\/\/laboratoriobiomimetico.com\/#website\",\"url\":\"https:\/\/laboratoriobiomimetico.com\/\",\"name\":\"Laboratorio Biomim\u00e9tico\",\"description\":\"Innovaci\u00f3n inspirada por la Naturaleza. Formaci\u00f3n, consultor\u00eda y desarrollo de proyectos bioinspirados.\",\"potentialAction\":[{\"@type\":\"SearchAction\",\"target\":{\"@type\":\"EntryPoint\",\"urlTemplate\":\"https:\/\/laboratoriobiomimetico.com\/?s={search_term_string}\"},\"query-input\":\"required name=search_term_string\"}],\"inLanguage\":\"en-GB\"},{\"@type\":\"ImageObject\",\"inLanguage\":\"en-GB\",\"@id\":\"https:\/\/laboratoriobiomimetico.com\/actividades\/sesion-creativa-guggenheim-bilbao\/#primaryimage\",\"url\":\"https:\/\/laboratoriobiomimetico.com\/wp-content\/uploads\/2021\/06\/Biomateriales_vertido.png\",\"contentUrl\":\"https:\/\/laboratoriobiomimetico.com\/wp-content\/uploads\/2021\/06\/Biomateriales_vertido.png\",\"width\":1200,\"height\":588},{\"@type\":\"WebPage\",\"@id\":\"https:\/\/laboratoriobiomimetico.com\/actividades\/sesion-creativa-guggenheim-bilbao\/#webpage\",\"url\":\"https:\/\/laboratoriobiomimetico.com\/actividades\/sesion-creativa-guggenheim-bilbao\/\",\"name\":\"Sesi\u00f3n Creativa - Guggenheim Bilbao - Laboratorio Biomim\u00e9tico\",\"isPartOf\":{\"@id\":\"https:\/\/laboratoriobiomimetico.com\/#website\"},\"primaryImageOfPage\":{\"@id\":\"https:\/\/laboratoriobiomimetico.com\/actividades\/sesion-creativa-guggenheim-bilbao\/#primaryimage\"},\"datePublished\":\"2023-01-13T10:32:46+00:00\",\"dateModified\":\"2023-08-16T10:42:27+00:00\",\"description\":\"Nos plantearemos nuevas formas de relacionarnos con los procesos, la temporalidad, la descomposici\u00f3n o la circularidad ser\u00e1n conceptos clave en este taller de iniciaci\u00f3n sobre biomateriales.\",\"breadcrumb\":{\"@id\":\"https:\/\/laboratoriobiomimetico.com\/actividades\/sesion-creativa-guggenheim-bilbao\/#breadcrumb\"},\"inLanguage\":\"en-GB\",\"potentialAction\":[{\"@type\":\"ReadAction\",\"target\":[\"https:\/\/laboratoriobiomimetico.com\/actividades\/sesion-creativa-guggenheim-bilbao\/\"]}]},{\"@type\":\"BreadcrumbList\",\"@id\":\"https:\/\/laboratoriobiomimetico.com\/actividades\/sesion-creativa-guggenheim-bilbao\/#breadcrumb\",\"itemListElement\":[{\"@type\":\"ListItem\",\"position\":1,\"name\":\"Portada\",\"item\":\"https:\/\/laboratoriobiomimetico.com\/\"},{\"@type\":\"ListItem\",\"position\":2,\"name\":\"Sesi\u00f3n Creativa &#8211; Guggenheim Bilbao\"}]}]}<\/script>\n<!-- \/ Yoast SEO plugin. -->","yoast_head_json":{"title":"Sesi\u00f3n Creativa - Guggenheim Bilbao - Laboratorio Biomim\u00e9tico","description":"Nos plantearemos nuevas formas de relacionarnos con los procesos, la temporalidad, la descomposici\u00f3n o la circularidad ser\u00e1n conceptos clave en este taller de iniciaci\u00f3n sobre biomateriales.","robots":{"index":"index","follow":"follow","max-snippet":"max-snippet:-1","max-image-preview":"max-image-preview:large","max-video-preview":"max-video-preview:-1"},"canonical":"https:\/\/laboratoriobiomimetico.com\/en\/actividades\/sesion-creativa-guggenheim-bilbao\/","og_locale":"en_GB","og_type":"article","og_title":"Sesi\u00f3n Creativa - Guggenheim Bilbao - Laboratorio Biomim\u00e9tico","og_description":"Nos plantearemos nuevas formas de relacionarnos con los procesos, la temporalidad, la descomposici\u00f3n o la circularidad ser\u00e1n conceptos clave en este taller de iniciaci\u00f3n sobre biomateriales.","og_url":"https:\/\/laboratoriobiomimetico.com\/en\/actividades\/sesion-creativa-guggenheim-bilbao\/","og_site_name":"Laboratorio Biomim\u00e9tico","article_modified_time":"2023-08-16T10:42:27+00:00","og_image":[{"width":1200,"height":588,"url":"https:\/\/laboratoriobiomimetico.com\/wp-content\/uploads\/2021\/06\/Biomateriales_vertido.png","type":"image\/png"}],"twitter_card":"summary_large_image","twitter_misc":{"Estimated reading time":"4 minutes"},"schema":{"@context":"https:\/\/schema.org","@graph":[{"@type":"WebSite","@id":"https:\/\/laboratoriobiomimetico.com\/#website","url":"https:\/\/laboratoriobiomimetico.com\/","name":"Laboratory Biomimetic","description":"Innovaci\u00f3n inspirada por la Naturaleza. Formaci\u00f3n, consultor\u00eda y desarrollo de proyectos bioinspirados.","potentialAction":[{"@type":"SearchAction","target":{"@type":"EntryPoint","urlTemplate":"https:\/\/laboratoriobiomimetico.com\/?s={search_term_string}"},"query-input":"required name=search_term_string"}],"inLanguage":"en-GB"},{"@type":"ImageObject","inLanguage":"en-GB","@id":"https:\/\/laboratoriobiomimetico.com\/actividades\/sesion-creativa-guggenheim-bilbao\/#primaryimage","url":"https:\/\/laboratoriobiomimetico.com\/wp-content\/uploads\/2021\/06\/Biomateriales_vertido.png","contentUrl":"https:\/\/laboratoriobiomimetico.com\/wp-content\/uploads\/2021\/06\/Biomateriales_vertido.png","width":1200,"height":588},{"@type":"WebPage","@id":"https:\/\/laboratoriobiomimetico.com\/actividades\/sesion-creativa-guggenheim-bilbao\/#webpage","url":"https:\/\/laboratoriobiomimetico.com\/actividades\/sesion-creativa-guggenheim-bilbao\/","name":"Sesi\u00f3n Creativa - Guggenheim Bilbao - Laboratorio Biomim\u00e9tico","isPartOf":{"@id":"https:\/\/laboratoriobiomimetico.com\/#website"},"primaryImageOfPage":{"@id":"https:\/\/laboratoriobiomimetico.com\/actividades\/sesion-creativa-guggenheim-bilbao\/#primaryimage"},"datePublished":"2023-01-13T10:32:46+00:00","dateModified":"2023-08-16T10:42:27+00:00","description":"Nos plantearemos nuevas formas de relacionarnos con los procesos, la temporalidad, la descomposici\u00f3n o la circularidad ser\u00e1n conceptos clave en este taller de iniciaci\u00f3n sobre biomateriales.","breadcrumb":{"@id":"https:\/\/laboratoriobiomimetico.com\/actividades\/sesion-creativa-guggenheim-bilbao\/#breadcrumb"},"inLanguage":"en-GB","potentialAction":[{"@type":"ReadAction","target":["https:\/\/laboratoriobiomimetico.com\/actividades\/sesion-creativa-guggenheim-bilbao\/"]}]},{"@type":"BreadcrumbList","@id":"https:\/\/laboratoriobiomimetico.com\/actividades\/sesion-creativa-guggenheim-bilbao\/#breadcrumb","itemListElement":[{"@type":"ListItem","position":1,"name":"Portada","item":"https:\/\/laboratoriobiomimetico.com\/"},{"@type":"ListItem","position":2,"name":"Sesi\u00f3n Creativa &#8211; Guggenheim Bilbao"}]}]}},"_links":{"self":[{"href":"https:\/\/laboratoriobiomimetico.com\/en\/wp-json\/wp\/v2\/actividades\/7792"}],"collection":[{"href":"https:\/\/laboratoriobiomimetico.com\/en\/wp-json\/wp\/v2\/actividades"}],"about":[{"href":"https:\/\/laboratoriobiomimetico.com\/en\/wp-json\/wp\/v2\/types\/actividades"}],"author":[{"embeddable":true,"href":"https:\/\/laboratoriobiomimetico.com\/en\/wp-json\/wp\/v2\/users\/1"}],"replies":[{"embeddable":true,"href":"https:\/\/laboratoriobiomimetico.com\/en\/wp-json\/wp\/v2\/comments?post=7792"}],"version-history":[{"count":8,"href":"https:\/\/laboratoriobiomimetico.com\/en\/wp-json\/wp\/v2\/actividades\/7792\/revisions"}],"predecessor-version":[{"id":8099,"href":"https:\/\/laboratoriobiomimetico.com\/en\/wp-json\/wp\/v2\/actividades\/7792\/revisions\/8099"}],"wp:featuredmedia":[{"embeddable":true,"href":"https:\/\/laboratoriobiomimetico.com\/en\/wp-json\/wp\/v2\/media\/7096"}],"wp:attachment":[{"href":"https:\/\/laboratoriobiomimetico.com\/en\/wp-json\/wp\/v2\/media?parent=7792"}],"curies":[{"name":"wp","href":"https:\/\/api.w.org\/{rel}","templated":true}]}}